{"id":1865,"date":"2024-11-04T09:23:27","date_gmt":"2024-11-04T09:23:27","guid":{"rendered":"https:\/\/andrejaslokar.com\/press\/"},"modified":"2025-07-22T08:15:03","modified_gmt":"2025-07-22T08:15:03","slug":"press","status":"publish","type":"page","link":"https:\/\/andrejaslokar.com\/en\/press\/","title":{"rendered":"Press"},"content":{"rendered":"\t\t<div data-elementor-type=\"wp-page\" data-elementor-id=\"1865\" class=\"elementor elementor-1865 elementor-74\" data-elementor-post-type=\"page\">\n\t\t\t\t\t\t<header class=\"elementor-section elementor-top-section elementor-element elementor-element-588b867d elementor-section-stretched elementor-section-full_width elementor-section-height-default elementor-section-height-default\" data-id=\"588b867d\" data-element_type=\"section\" data-e-type=\"section\" data-settings=\"{&quot;stretch_section&quot;:&quot;section-stretched&quot;,&quot;background_background&quot;:&quot;classic&quot;}\">\n\t\t\t\t\t\t\t<div class=\"elementor-background-overlay\"><\/div>\n\t\t\t\t\t\t\t<div class=\"elementor-container elementor-column-gap-no\">\n\t\t\t\t\t<div class=\"elementor-column elementor-col-100 elementor-top-column elementor-element elementor-element-5e31087e\" data-id=\"5e31087e\" data-element_type=\"column\" data-e-type=\"column\">\n\t\t\t<div class=\"elementor-widget-wrap elementor-element-populated\">\n\t\t\t\t\t\t<div class=\"elementor-element elementor-element-74829843 elementor-invisible elementor-widget elementor-widget-heading\" data-id=\"74829843\" data-element_type=\"widget\" data-e-type=\"widget\" data-settings=\"{&quot;_animation&quot;:&quot;fadeInUp&quot;,&quot;_animation_delay&quot;:150}\" data-widget_type=\"heading.default\">\n\t\t\t\t<div class=\"elementor-widget-container\">\n\t\t\t\t\t<h2 class=\"elementor-heading-title elementor-size-default\">Media Centre<\/h2>\t\t\t\t<\/div>\n\t\t\t\t<\/div>\n\t\t\t\t\t<\/div>\n\t\t<\/div>\n\t\t\t\t\t<\/div>\n\t\t<\/header>\n\t\t<div class=\"elementor-element elementor-element-94af8bc e-con-full e-flex e-con e-parent\" data-id=\"94af8bc\" data-element_type=\"container\" data-e-type=\"container\" data-settings=\"{&quot;background_background&quot;:&quot;classic&quot;}\">\n\t\t<div class=\"elementor-element elementor-element-1750875e e-con-full e-flex e-con e-child\" data-id=\"1750875e\" data-element_type=\"container\" data-e-type=\"container\">\n\t\t\t\t<div class=\"elementor-element elementor-element-5bd5c1b elementor-widget elementor-widget-heading\" data-id=\"5bd5c1b\" data-element_type=\"widget\" data-e-type=\"widget\" data-widget_type=\"heading.default\">\n\t\t\t\t<div class=\"elementor-widget-container\">\n\t\t\t\t\t<h2 class=\"elementor-heading-title elementor-size-default\">Promotional materials<\/h2>\t\t\t\t<\/div>\n\t\t\t\t<\/div>\n\t\t\t\t<\/div>\n\t\t<div class=\"elementor-element elementor-element-31d939fa e-con-full e-grid e-con e-child\" data-id=\"31d939fa\" data-element_type=\"container\" data-e-type=\"container\">\n\t\t<div class=\"elementor-element elementor-element-6de5633a e-con-full e-flex e-con e-child\" data-id=\"6de5633a\" data-element_type=\"container\" data-e-type=\"container\">\n\t\t<div class=\"elementor-element elementor-element-37b96a67 e-con-full e-flex e-con e-child\" data-id=\"37b96a67\" data-element_type=\"container\" data-e-type=\"container\">\n\t\t\t\t<div class=\"elementor-element elementor-element-2052aa4d elementor-widget elementor-widget-image\" data-id=\"2052aa4d\" data-element_type=\"widget\" data-e-type=\"widget\" data-widget_type=\"image.default\">\n\t\t\t\t<div class=\"elementor-widget-container\">\n\t\t\t\t\t\t\t\t\t\t\t\t\t\t\t<img fetchpriority=\"high\" decoding=\"async\" width=\"768\" height=\"554\" src=\"https:\/\/andrejaslokar.com\/wp-content\/uploads\/2025\/02\/05_medijski_center_foto-01-min-768x554.webp\" class=\"attachment-medium_large size-medium_large wp-image-1814\" alt=\"\" srcset=\"https:\/\/andrejaslokar.com\/wp-content\/uploads\/2025\/02\/05_medijski_center_foto-01-min-768x554.webp 768w, https:\/\/andrejaslokar.com\/wp-content\/uploads\/2025\/02\/05_medijski_center_foto-01-min-300x217.webp 300w, https:\/\/andrejaslokar.com\/wp-content\/uploads\/2025\/02\/05_medijski_center_foto-01-min-1024x739.webp 1024w, https:\/\/andrejaslokar.com\/wp-content\/uploads\/2025\/02\/05_medijski_center_foto-01-min-1536x1109.webp 1536w, https:\/\/andrejaslokar.com\/wp-content\/uploads\/2025\/02\/05_medijski_center_foto-01-min.webp 1676w\" sizes=\"(max-width: 768px) 100vw, 768px\" \/>\t\t\t\t\t\t\t\t\t\t\t\t\t\t\t<\/div>\n\t\t\t\t<\/div>\n\t\t\t\t<div class=\"elementor-element elementor-element-72b20817 elementor-widget elementor-widget-heading\" data-id=\"72b20817\" data-element_type=\"widget\" data-e-type=\"widget\" data-widget_type=\"heading.default\">\n\t\t\t\t<div class=\"elementor-widget-container\">\n\t\t\t\t\t<h4 class=\"elementor-heading-title elementor-size-default\">Set of 3 Nora chocolate bars<\/h4>\t\t\t\t<\/div>\n\t\t\t\t<\/div>\n\t\t\t\t<div class=\"elementor-element elementor-element-51f042c9 elementor-widget elementor-widget-heading\" data-id=\"51f042c9\" data-element_type=\"widget\" data-e-type=\"widget\" data-widget_type=\"heading.default\">\n\t\t\t\t<div class=\"elementor-widget-container\">\n\t\t\t\t\t<h6 class=\"elementor-heading-title elementor-size-default\">Promotional material<\/h6>\t\t\t\t<\/div>\n\t\t\t\t<\/div>\n\t\t\t\t<\/div>\n\t\t\t\t<\/div>\n\t\t<div class=\"elementor-element elementor-element-7a7e0566 e-con-full e-flex e-con e-child\" data-id=\"7a7e0566\" data-element_type=\"container\" data-e-type=\"container\">\n\t\t<div class=\"elementor-element elementor-element-2c612834 e-con-full e-flex e-con e-child\" data-id=\"2c612834\" data-element_type=\"container\" data-e-type=\"container\">\n\t\t\t\t<div class=\"elementor-element elementor-element-59eff22c elementor-widget elementor-widget-image\" data-id=\"59eff22c\" data-element_type=\"widget\" data-e-type=\"widget\" data-widget_type=\"image.default\">\n\t\t\t\t<div class=\"elementor-widget-container\">\n\t\t\t\t\t\t\t\t\t\t\t\t\t\t\t<img decoding=\"async\" width=\"800\" height=\"577\" src=\"https:\/\/andrejaslokar.com\/wp-content\/uploads\/2025\/02\/05_medijski_center_foto-02-min-1024x739.webp\" class=\"attachment-large size-large wp-image-1815\" alt=\"\" srcset=\"https:\/\/andrejaslokar.com\/wp-content\/uploads\/2025\/02\/05_medijski_center_foto-02-min-1024x739.webp 1024w, https:\/\/andrejaslokar.com\/wp-content\/uploads\/2025\/02\/05_medijski_center_foto-02-min-300x217.webp 300w, https:\/\/andrejaslokar.com\/wp-content\/uploads\/2025\/02\/05_medijski_center_foto-02-min-768x554.webp 768w, https:\/\/andrejaslokar.com\/wp-content\/uploads\/2025\/02\/05_medijski_center_foto-02-min-1536x1109.webp 1536w, https:\/\/andrejaslokar.com\/wp-content\/uploads\/2025\/02\/05_medijski_center_foto-02-min.webp 1676w\" sizes=\"(max-width: 800px) 100vw, 800px\" \/>\t\t\t\t\t\t\t\t\t\t\t\t\t\t\t<\/div>\n\t\t\t\t<\/div>\n\t\t\t\t<div class=\"elementor-element elementor-element-1b7ffbf elementor-widget elementor-widget-heading\" data-id=\"1b7ffbf\" data-element_type=\"widget\" data-e-type=\"widget\" data-widget_type=\"heading.default\">\n\t\t\t\t<div class=\"elementor-widget-container\">\n\t\t\t\t\t<h4 class=\"elementor-heading-title elementor-size-default\">Autographed card by Andreja Slokar<\/h4>\t\t\t\t<\/div>\n\t\t\t\t<\/div>\n\t\t\t\t<div class=\"elementor-element elementor-element-565ecda2 elementor-widget elementor-widget-heading\" data-id=\"565ecda2\" data-element_type=\"widget\" data-e-type=\"widget\" data-widget_type=\"heading.default\">\n\t\t\t\t<div class=\"elementor-widget-container\">\n\t\t\t\t\t<h6 class=\"elementor-heading-title elementor-size-default\">Promotional material<\/h6>\t\t\t\t<\/div>\n\t\t\t\t<\/div>\n\t\t\t\t<\/div>\n\t\t\t\t<\/div>\n\t\t\t\t<\/div>\n\t\t\t\t<\/div>\n\t\t<div class=\"elementor-element elementor-element-eb31eb2 e-con-full e-flex e-con e-parent\" data-id=\"eb31eb2\" data-element_type=\"container\" data-e-type=\"container\" data-settings=\"{&quot;background_background&quot;:&quot;classic&quot;}\">\n\t\t<div class=\"elementor-element elementor-element-4a1e1a5 e-con-full e-flex e-con e-child\" data-id=\"4a1e1a5\" data-element_type=\"container\" data-e-type=\"container\">\n\t\t\t\t<div class=\"elementor-element elementor-element-a659ba0 elementor-widget elementor-widget-heading\" data-id=\"a659ba0\" data-element_type=\"widget\" data-e-type=\"widget\" data-widget_type=\"heading.default\">\n\t\t\t\t<div class=\"elementor-widget-container\">\n\t\t\t\t\t<h2 class=\"elementor-heading-title elementor-size-default\">News<\/h2>\t\t\t\t<\/div>\n\t\t\t\t<\/div>\n\t\t\t\t<div class=\"elementor-element elementor-element-f9901b3 elementor-grid-3 elementor-grid-tablet-2 elementor-grid-mobile-1 elementor-posts--thumbnail-top elementor-widget elementor-widget-posts\" data-id=\"f9901b3\" data-element_type=\"widget\" data-e-type=\"widget\" data-settings=\"{&quot;classic_columns&quot;:&quot;3&quot;,&quot;classic_columns_tablet&quot;:&quot;2&quot;,&quot;classic_columns_mobile&quot;:&quot;1&quot;,&quot;classic_row_gap&quot;:{&quot;unit&quot;:&quot;px&quot;,&quot;size&quot;:35,&quot;sizes&quot;:[]},&quot;classic_row_gap_tablet&quot;:{&quot;unit&quot;:&quot;px&quot;,&quot;size&quot;:&quot;&quot;,&quot;sizes&quot;:[]},&quot;classic_row_gap_mobile&quot;:{&quot;unit&quot;:&quot;px&quot;,&quot;size&quot;:&quot;&quot;,&quot;sizes&quot;:[]}}\" data-widget_type=\"posts.classic\">\n\t\t\t\t<div class=\"elementor-widget-container\">\n\t\t\t\t\t\t\t<div class=\"elementor-posts-container elementor-posts elementor-posts--skin-classic elementor-grid\" role=\"list\">\n\t\t\t\t<article class=\"elementor-post elementor-grid-item post-1953 post type-post status-publish format-standard has-post-thumbnail hentry category-uncategorized\" role=\"listitem\">\n\t\t\t\t<a class=\"elementor-post__thumbnail__link\" href=\"https:\/\/sportklub.n1info.si\/zimski-sporti\/andreja-slokar-v-sebi-nosi-malo-italijanke\/\" tabindex=\"-1\" >\n\t\t\t<div class=\"elementor-post__thumbnail\"><img decoding=\"async\" width=\"300\" height=\"200\" src=\"https:\/\/andrejaslokar.com\/wp-content\/uploads\/2025\/07\/1752652902-DSC4151-1024x681-1-300x200.jpg\" class=\"attachment-medium size-medium wp-image-1844\" alt=\"\" srcset=\"https:\/\/andrejaslokar.com\/wp-content\/uploads\/2025\/07\/1752652902-DSC4151-1024x681-1-300x200.jpg 300w, https:\/\/andrejaslokar.com\/wp-content\/uploads\/2025\/07\/1752652902-DSC4151-1024x681-1-768x511.jpg 768w, https:\/\/andrejaslokar.com\/wp-content\/uploads\/2025\/07\/1752652902-DSC4151-1024x681-1.jpg 1024w\" sizes=\"(max-width: 300px) 100vw, 300px\" \/><\/div>\n\t\t<\/a>\n\t\t\t\t<div class=\"elementor-post__text\">\n\t\t\t\t<h3 class=\"elementor-post__title\">\n\t\t\t<a href=\"https:\/\/sportklub.n1info.si\/zimski-sporti\/andreja-slokar-v-sebi-nosi-malo-italijanke\/\" >\n\t\t\t\t&#8220;Andreja Slokar carries a bit of Italian in her&#8221;\t\t\t<\/a>\n\t\t<\/h3>\n\t\t\t\t<div class=\"elementor-post__meta-data\">\n\t\t\t\t\t<span class=\"elementor-post-date\">\n\t\t\tJuly 16, 2025\t\t<\/span>\n\t\t\t\t<\/div>\n\t\t\t\t<div class=\"elementor-post__excerpt\">\n\t\t\t<p>A new face in Andreja Slokar\u2019s team this year is Italian Stefano Costazza. He is an expert with more than 20 years of experience in alpine skiing and brings to the coaching staff his deep knowledge, particularly in the area of giant slalom. <\/p>\n\t\t<\/div>\n\t\t\n\t\t<a class=\"elementor-post__read-more\" href=\"https:\/\/sportklub.n1info.si\/zimski-sporti\/andreja-slokar-v-sebi-nosi-malo-italijanke\/\" aria-label=\"Read more about &#8220;Andreja Slokar carries a bit of Italian in her&#8221;\" tabindex=\"-1\" >\n\t\t\tRead more\t\t<\/a>\n\n\t\t\t\t<\/div>\n\t\t\t\t<\/article>\n\t\t\t\t<article class=\"elementor-post elementor-grid-item post-1952 post type-post status-publish format-standard has-post-thumbnail hentry category-uncategorized\" role=\"listitem\">\n\t\t\t\t<a class=\"elementor-post__thumbnail__link\" href=\"https:\/\/www.rtvslo.si\/sport\/zimski-sporti\/andreja-slokar-z-novim-trenerjem-na-lov-na-olimpijske-sanje\/750595\" tabindex=\"-1\" >\n\t\t\t<div class=\"elementor-post__thumbnail\"><img loading=\"lazy\" decoding=\"async\" width=\"300\" height=\"200\" src=\"https:\/\/andrejaslokar.com\/wp-content\/uploads\/2025\/07\/66569956-300x200.jpg\" class=\"attachment-medium size-medium wp-image-1845\" alt=\"\" srcset=\"https:\/\/andrejaslokar.com\/wp-content\/uploads\/2025\/07\/66569956-300x200.jpg 300w, https:\/\/andrejaslokar.com\/wp-content\/uploads\/2025\/07\/66569956-1024x683.jpg 1024w, https:\/\/andrejaslokar.com\/wp-content\/uploads\/2025\/07\/66569956-768x512.jpg 768w, https:\/\/andrejaslokar.com\/wp-content\/uploads\/2025\/07\/66569956.jpg 1200w\" sizes=\"(max-width: 300px) 100vw, 300px\" \/><\/div>\n\t\t<\/a>\n\t\t\t\t<div class=\"elementor-post__text\">\n\t\t\t\t<h3 class=\"elementor-post__title\">\n\t\t\t<a href=\"https:\/\/www.rtvslo.si\/sport\/zimski-sporti\/andreja-slokar-z-novim-trenerjem-na-lov-na-olimpijske-sanje\/750595\" >\n\t\t\t\tAndreja Slokar sets out with a new coach in pursuit of her Olympic dream.\t\t\t<\/a>\n\t\t<\/h3>\n\t\t\t\t<div class=\"elementor-post__meta-data\">\n\t\t\t\t\t<span class=\"elementor-post-date\">\n\t\t\tJuly 1, 2025\t\t<\/span>\n\t\t\t\t<\/div>\n\t\t\t\t<div class=\"elementor-post__excerpt\">\n\t\t\t<p>Andreja Slokar will enter the Olympic season with a revamped coaching team. The new coach is Stefano Costazza, while Timotej Kostrevc and Luca Valenti remain on the team, along with Andrea Massi, who will serve as the fitness coach for Slovenia\u2019s top slalom skier. <\/p>\n\t\t<\/div>\n\t\t\n\t\t<a class=\"elementor-post__read-more\" href=\"https:\/\/www.rtvslo.si\/sport\/zimski-sporti\/andreja-slokar-z-novim-trenerjem-na-lov-na-olimpijske-sanje\/750595\" aria-label=\"Read more about Andreja Slokar sets out with a new coach in pursuit of her Olympic dream.\" tabindex=\"-1\" >\n\t\t\tRead more\t\t<\/a>\n\n\t\t\t\t<\/div>\n\t\t\t\t<\/article>\n\t\t\t\t<article class=\"elementor-post elementor-grid-item post-1951 post type-post status-publish format-standard has-post-thumbnail hentry category-uncategorized\" role=\"listitem\">\n\t\t\t\t<a class=\"elementor-post__thumbnail__link\" href=\"https:\/\/sloski.si\/andreja-slokar-z-ekipo-predstavila-nacrte-za-sezono-2025-2026\/\" tabindex=\"-1\" >\n\t\t\t<div class=\"elementor-post__thumbnail\"><img loading=\"lazy\" decoding=\"async\" width=\"300\" height=\"200\" src=\"https:\/\/andrejaslokar.com\/wp-content\/uploads\/2025\/07\/NK-ANDREJA-SLOKAR-EKIPA-JULIJ-2025-5-1024x683-1-300x200.jpg\" class=\"attachment-medium size-medium wp-image-1843\" alt=\"\" srcset=\"https:\/\/andrejaslokar.com\/wp-content\/uploads\/2025\/07\/NK-ANDREJA-SLOKAR-EKIPA-JULIJ-2025-5-1024x683-1-300x200.jpg 300w, https:\/\/andrejaslokar.com\/wp-content\/uploads\/2025\/07\/NK-ANDREJA-SLOKAR-EKIPA-JULIJ-2025-5-1024x683-1-768x512.jpg 768w, https:\/\/andrejaslokar.com\/wp-content\/uploads\/2025\/07\/NK-ANDREJA-SLOKAR-EKIPA-JULIJ-2025-5-1024x683-1.jpg 1024w\" sizes=\"(max-width: 300px) 100vw, 300px\" \/><\/div>\n\t\t<\/a>\n\t\t\t\t<div class=\"elementor-post__text\">\n\t\t\t\t<h3 class=\"elementor-post__title\">\n\t\t\t<a href=\"https:\/\/sloski.si\/andreja-slokar-z-ekipo-predstavila-nacrte-za-sezono-2025-2026\/\" >\n\t\t\t\tAndreja Slokar, together with her team, presented the plans for the 2025\/2026 season.\t\t\t<\/a>\n\t\t<\/h3>\n\t\t\t\t<div class=\"elementor-post__meta-data\">\n\t\t\t\t\t<span class=\"elementor-post-date\">\n\t\t\tJuly 1, 2025\t\t<\/span>\n\t\t\t\t<\/div>\n\t\t\t\t<div class=\"elementor-post__excerpt\">\n\t\t\t<p>Slovenian alpine skier Andreja Slokar presented her plans for the 2025\/2026 season at a press conference in Ajdov\u0161\u010dina. She will be working with a new head coach, Italian Stefano Costazzo. The team also includes Andrea Massi as fitness coach and coordinator, physiotherapist Timotej Kostrevc, and technician Luca Valenti. <\/p>\n\t\t<\/div>\n\t\t\n\t\t<a class=\"elementor-post__read-more\" href=\"https:\/\/sloski.si\/andreja-slokar-z-ekipo-predstavila-nacrte-za-sezono-2025-2026\/\" aria-label=\"Read more about Andreja Slokar, together with her team, presented the plans for the 2025\/2026 season.\" tabindex=\"-1\" >\n\t\t\tRead more\t\t<\/a>\n\n\t\t\t\t<\/div>\n\t\t\t\t<\/article>\n\t\t\t\t<article class=\"elementor-post elementor-grid-item post-1950 post type-post status-publish format-standard has-post-thumbnail hentry category-uncategorized\" role=\"listitem\">\n\t\t\t\t<a class=\"elementor-post__thumbnail__link\" href=\"https:\/\/www.rtvslo.si\/sport\/sportni-sos\/alpinci-naredili-korak-nazaj-najsvetlejsa-tocka-andreja-slokar\/736765\" tabindex=\"-1\" >\n\t\t\t<div class=\"elementor-post__thumbnail\"><img loading=\"lazy\" decoding=\"async\" width=\"300\" height=\"200\" src=\"https:\/\/andrejaslokar.com\/wp-content\/uploads\/2025\/02\/66435797-300x200.webp\" class=\"attachment-medium size-medium wp-image-1833\" alt=\"\" srcset=\"https:\/\/andrejaslokar.com\/wp-content\/uploads\/2025\/02\/66435797-300x200.webp 300w, https:\/\/andrejaslokar.com\/wp-content\/uploads\/2025\/02\/66435797-1024x683.webp 1024w, https:\/\/andrejaslokar.com\/wp-content\/uploads\/2025\/02\/66435797-768x512.webp 768w, https:\/\/andrejaslokar.com\/wp-content\/uploads\/2025\/02\/66435797.webp 1200w\" sizes=\"(max-width: 300px) 100vw, 300px\" \/><\/div>\n\t\t<\/a>\n\t\t\t\t<div class=\"elementor-post__text\">\n\t\t\t\t<h3 class=\"elementor-post__title\">\n\t\t\t<a href=\"https:\/\/www.rtvslo.si\/sport\/sportni-sos\/alpinci-naredili-korak-nazaj-najsvetlejsa-tocka-andreja-slokar\/736765\" >\n\t\t\t\tThe alpine skiers took a step back, with Andreja Slokar as the brightest highlight.\t\t\t<\/a>\n\t\t<\/h3>\n\t\t\t\t<div class=\"elementor-post__meta-data\">\n\t\t\t\t\t<span class=\"elementor-post-date\">\n\t\t\tFebruary 17, 2025\t\t<\/span>\n\t\t\t\t<\/div>\n\t\t\t\t<div class=\"elementor-post__excerpt\">\n\t\t\t<p>Slovenian alpine skiers did not impress at the World Championships in Saalbach, managing only two top-ten finishes \u2014 a step back compared to the last championships in France.<\/p>\n\t\t<\/div>\n\t\t\n\t\t<a class=\"elementor-post__read-more\" href=\"https:\/\/www.rtvslo.si\/sport\/sportni-sos\/alpinci-naredili-korak-nazaj-najsvetlejsa-tocka-andreja-slokar\/736765\" aria-label=\"Read more about The alpine skiers took a step back, with Andreja Slokar as the brightest highlight.\" tabindex=\"-1\" >\n\t\t\tRead more\t\t<\/a>\n\n\t\t\t\t<\/div>\n\t\t\t\t<\/article>\n\t\t\t\t<article class=\"elementor-post elementor-grid-item post-1949 post type-post status-publish format-standard has-post-thumbnail hentry category-uncategorized\" role=\"listitem\">\n\t\t\t\t<a class=\"elementor-post__thumbnail__link\" href=\"https:\/\/www.dnevnik.si\/sport\/ajdovka-svetla-izjema-2717191\/\" tabindex=\"-1\" >\n\t\t\t<div class=\"elementor-post__thumbnail\"><img loading=\"lazy\" decoding=\"async\" width=\"300\" height=\"227\" src=\"https:\/\/andrejaslokar.com\/wp-content\/uploads\/2025\/02\/05_medijski_center_foto-10-min-300x227.webp\" class=\"attachment-medium size-medium wp-image-1821\" alt=\"\" srcset=\"https:\/\/andrejaslokar.com\/wp-content\/uploads\/2025\/02\/05_medijski_center_foto-10-min-300x227.webp 300w, https:\/\/andrejaslokar.com\/wp-content\/uploads\/2025\/02\/05_medijski_center_foto-10-min-1024x774.webp 1024w, https:\/\/andrejaslokar.com\/wp-content\/uploads\/2025\/02\/05_medijski_center_foto-10-min-768x580.webp 768w, https:\/\/andrejaslokar.com\/wp-content\/uploads\/2025\/02\/05_medijski_center_foto-10-min-1536x1160.webp 1536w, https:\/\/andrejaslokar.com\/wp-content\/uploads\/2025\/02\/05_medijski_center_foto-10-min.webp 1689w\" sizes=\"(max-width: 300px) 100vw, 300px\" \/><\/div>\n\t\t<\/a>\n\t\t\t\t<div class=\"elementor-post__text\">\n\t\t\t\t<h3 class=\"elementor-post__title\">\n\t\t\t<a href=\"https:\/\/www.dnevnik.si\/sport\/ajdovka-svetla-izjema-2717191\/\" >\n\t\t\t\tThe skier from Ajdov\u0161\u010dina, a bright exception.\t\t\t<\/a>\n\t\t<\/h3>\n\t\t\t\t<div class=\"elementor-post__meta-data\">\n\t\t\t\t\t<span class=\"elementor-post-date\">\n\t\t\tFebruary 17, 2025\t\t<\/span>\n\t\t\t\t<\/div>\n\t\t\t\t<div class=\"elementor-post__excerpt\">\n\t\t\t<p>On the final competition weekend of the Alpine Skiing World Championships, Andreja Slokar achieved the best Slovenian result with a sixth-place finish in the slalom. The Slovenian missed the podium by just 0.21 seconds. <\/p>\n\t\t<\/div>\n\t\t\n\t\t<a class=\"elementor-post__read-more\" href=\"https:\/\/www.dnevnik.si\/sport\/ajdovka-svetla-izjema-2717191\/\" aria-label=\"Read more about The skier from Ajdov\u0161\u010dina, a bright exception.\" tabindex=\"-1\" >\n\t\t\tRead more\t\t<\/a>\n\n\t\t\t\t<\/div>\n\t\t\t\t<\/article>\n\t\t\t\t<article class=\"elementor-post elementor-grid-item post-1948 post type-post status-publish format-standard has-post-thumbnail hentry category-uncategorized\" role=\"listitem\">\n\t\t\t\t<a class=\"elementor-post__thumbnail__link\" href=\"https:\/\/sportklub.n1info.si\/zimski-sporti\/razocarana-andreja-slokar-na-svetovnem-prvenstvu-steje-le-medalja-video\/\" tabindex=\"-1\" >\n\t\t\t<div class=\"elementor-post__thumbnail\"><img loading=\"lazy\" decoding=\"async\" width=\"300\" height=\"206\" src=\"https:\/\/andrejaslokar.com\/wp-content\/uploads\/2025\/02\/66433959-300x206.webp\" class=\"attachment-medium size-medium wp-image-1834\" alt=\"\" srcset=\"https:\/\/andrejaslokar.com\/wp-content\/uploads\/2025\/02\/66433959-300x206.webp 300w, https:\/\/andrejaslokar.com\/wp-content\/uploads\/2025\/02\/66433959-1024x704.webp 1024w, https:\/\/andrejaslokar.com\/wp-content\/uploads\/2025\/02\/66433959-768x528.webp 768w, https:\/\/andrejaslokar.com\/wp-content\/uploads\/2025\/02\/66433959.webp 1163w\" sizes=\"(max-width: 300px) 100vw, 300px\" \/><\/div>\n\t\t<\/a>\n\t\t\t\t<div class=\"elementor-post__text\">\n\t\t\t\t<h3 class=\"elementor-post__title\">\n\t\t\t<a href=\"https:\/\/sportklub.n1info.si\/zimski-sporti\/razocarana-andreja-slokar-na-svetovnem-prvenstvu-steje-le-medalja-video\/\" >\n\t\t\t\tDisappointed Andreja Slokar: At the World Championships, only a medal counts (VIDEO)\t\t\t<\/a>\n\t\t<\/h3>\n\t\t\t\t<div class=\"elementor-post__meta-data\">\n\t\t\t\t\t<span class=\"elementor-post-date\">\n\t\t\tFebruary 15, 2025\t\t<\/span>\n\t\t\t\t<\/div>\n\t\t\t\t<div class=\"elementor-post__excerpt\">\n\t\t\t<p>Andreja Slokar finished sixth in the slalom in Saalbach, marking the best Slovenian result at this year\u2019s World Championships. Despite the excellent performance, the skier from Ajdov\u0161\u010dina didn\u2019t hide her disappointment, as she missed the podium by just 0.21 seconds. <\/p>\n\t\t<\/div>\n\t\t\n\t\t<a class=\"elementor-post__read-more\" href=\"https:\/\/sportklub.n1info.si\/zimski-sporti\/razocarana-andreja-slokar-na-svetovnem-prvenstvu-steje-le-medalja-video\/\" aria-label=\"Read more about Disappointed Andreja Slokar: At the World Championships, only a medal counts (VIDEO)\" tabindex=\"-1\" >\n\t\t\tRead more\t\t<\/a>\n\n\t\t\t\t<\/div>\n\t\t\t\t<\/article>\n\t\t\t\t<\/div>\n\t\t\n\t\t\t\t\t\t<\/div>\n\t\t\t\t<\/div>\n\t\t\t\t<div class=\"elementor-element elementor-element-dc057cd elementor-posts--align-center elementor-posts--thumbnail-left elementor-grid-2 elementor-grid-tablet-1 elementor-hidden-desktop elementor-hidden-tablet elementor-hidden-mobile elementor-grid-mobile-1 elementor-widget elementor-widget-posts\" data-id=\"dc057cd\" data-element_type=\"widget\" data-e-type=\"widget\" data-settings=\"{&quot;classic_columns&quot;:&quot;2&quot;,&quot;classic_columns_tablet&quot;:&quot;1&quot;,&quot;classic_columns_mobile&quot;:&quot;1&quot;,&quot;classic_row_gap&quot;:{&quot;unit&quot;:&quot;px&quot;,&quot;size&quot;:35,&quot;sizes&quot;:[]},&quot;classic_row_gap_tablet&quot;:{&quot;unit&quot;:&quot;px&quot;,&quot;size&quot;:&quot;&quot;,&quot;sizes&quot;:[]},&quot;classic_row_gap_mobile&quot;:{&quot;unit&quot;:&quot;px&quot;,&quot;size&quot;:&quot;&quot;,&quot;sizes&quot;:[]}}\" data-widget_type=\"posts.classic\">\n\t\t\t\t<div class=\"elementor-widget-container\">\n\t\t\t\t\t\t\t<div class=\"elementor-posts-container elementor-posts elementor-posts--skin-classic elementor-grid\" role=\"list\">\n\t\t\t\t<article class=\"elementor-post elementor-grid-item post-1953 post type-post status-publish format-standard has-post-thumbnail hentry category-uncategorized\" role=\"listitem\">\n\t\t\t\t<a class=\"elementor-post__thumbnail__link\" href=\"https:\/\/sportklub.n1info.si\/zimski-sporti\/andreja-slokar-v-sebi-nosi-malo-italijanke\/\" tabindex=\"-1\" target=&quot;_blank&quot;>\n\t\t\t<div class=\"elementor-post__thumbnail\"><img loading=\"lazy\" decoding=\"async\" width=\"768\" height=\"511\" src=\"https:\/\/andrejaslokar.com\/wp-content\/uploads\/2025\/07\/1752652902-DSC4151-1024x681-1-768x511.jpg\" class=\"attachment-medium_large size-medium_large wp-image-1844\" alt=\"\" srcset=\"https:\/\/andrejaslokar.com\/wp-content\/uploads\/2025\/07\/1752652902-DSC4151-1024x681-1-768x511.jpg 768w, https:\/\/andrejaslokar.com\/wp-content\/uploads\/2025\/07\/1752652902-DSC4151-1024x681-1-300x200.jpg 300w, https:\/\/andrejaslokar.com\/wp-content\/uploads\/2025\/07\/1752652902-DSC4151-1024x681-1.jpg 1024w\" sizes=\"(max-width: 768px) 100vw, 768px\" \/><\/div>\n\t\t<\/a>\n\t\t\t\t<div class=\"elementor-post__text\">\n\t\t\t\t<h4 class=\"elementor-post__title\">\n\t\t\t<a href=\"https:\/\/sportklub.n1info.si\/zimski-sporti\/andreja-slokar-v-sebi-nosi-malo-italijanke\/\" target=&quot;_blank&quot;>\n\t\t\t\t&#8220;Andreja Slokar carries a bit of Italian in her&#8221;\t\t\t<\/a>\n\t\t<\/h4>\n\t\t\t\t<div class=\"elementor-post__meta-data\">\n\t\t\t\t\t<span class=\"elementor-post-date\">\n\t\t\tJuly 16, 2025\t\t<\/span>\n\t\t\t\t<\/div>\n\t\t\t\t<div class=\"elementor-post__excerpt\">\n\t\t\t<p>A new face in Andreja Slokar\u2019s team this year is Italian Stefano Costazza. He is an expert with more than 20 years of experience in alpine skiing and brings to the coaching staff his deep knowledge, particularly in the area of giant slalom. <\/p>\n\t\t<\/div>\n\t\t\t\t\t<div class=\"elementor-post__read-more-wrapper\">\n\t\t\n\t\t<a class=\"elementor-post__read-more\" href=\"https:\/\/sportklub.n1info.si\/zimski-sporti\/andreja-slokar-v-sebi-nosi-malo-italijanke\/\" aria-label=\"Read more about &#8220;Andreja Slokar carries a bit of Italian in her&#8221;\" tabindex=\"-1\" target=\"_blank\">\n\t\t\tRead more\t\t<\/a>\n\n\t\t\t\t\t<\/div>\n\t\t\t\t<\/div>\n\t\t\t\t<\/article>\n\t\t\t\t<article class=\"elementor-post elementor-grid-item post-1952 post type-post status-publish format-standard has-post-thumbnail hentry category-uncategorized\" role=\"listitem\">\n\t\t\t\t<a class=\"elementor-post__thumbnail__link\" href=\"https:\/\/www.rtvslo.si\/sport\/zimski-sporti\/andreja-slokar-z-novim-trenerjem-na-lov-na-olimpijske-sanje\/750595\" tabindex=\"-1\" target=&quot;_blank&quot;>\n\t\t\t<div class=\"elementor-post__thumbnail\"><img loading=\"lazy\" decoding=\"async\" width=\"768\" height=\"512\" src=\"https:\/\/andrejaslokar.com\/wp-content\/uploads\/2025\/07\/66569956-768x512.jpg\" class=\"attachment-medium_large size-medium_large wp-image-1845\" alt=\"\" srcset=\"https:\/\/andrejaslokar.com\/wp-content\/uploads\/2025\/07\/66569956-768x512.jpg 768w, https:\/\/andrejaslokar.com\/wp-content\/uploads\/2025\/07\/66569956-300x200.jpg 300w, https:\/\/andrejaslokar.com\/wp-content\/uploads\/2025\/07\/66569956-1024x683.jpg 1024w, https:\/\/andrejaslokar.com\/wp-content\/uploads\/2025\/07\/66569956.jpg 1200w\" sizes=\"(max-width: 768px) 100vw, 768px\" \/><\/div>\n\t\t<\/a>\n\t\t\t\t<div class=\"elementor-post__text\">\n\t\t\t\t<h4 class=\"elementor-post__title\">\n\t\t\t<a href=\"https:\/\/www.rtvslo.si\/sport\/zimski-sporti\/andreja-slokar-z-novim-trenerjem-na-lov-na-olimpijske-sanje\/750595\" target=&quot;_blank&quot;>\n\t\t\t\tAndreja Slokar sets out with a new coach in pursuit of her Olympic dream.\t\t\t<\/a>\n\t\t<\/h4>\n\t\t\t\t<div class=\"elementor-post__meta-data\">\n\t\t\t\t\t<span class=\"elementor-post-date\">\n\t\t\tJuly 1, 2025\t\t<\/span>\n\t\t\t\t<\/div>\n\t\t\t\t<div class=\"elementor-post__excerpt\">\n\t\t\t<p>Andreja Slokar will enter the Olympic season with a revamped coaching team. The new coach is Stefano Costazza, while Timotej Kostrevc and Luca Valenti remain on the team, along with Andrea Massi, who will serve as the fitness coach for Slovenia\u2019s top slalom skier. <\/p>\n\t\t<\/div>\n\t\t\t\t\t<div class=\"elementor-post__read-more-wrapper\">\n\t\t\n\t\t<a class=\"elementor-post__read-more\" href=\"https:\/\/www.rtvslo.si\/sport\/zimski-sporti\/andreja-slokar-z-novim-trenerjem-na-lov-na-olimpijske-sanje\/750595\" aria-label=\"Read more about Andreja Slokar sets out with a new coach in pursuit of her Olympic dream.\" tabindex=\"-1\" target=\"_blank\">\n\t\t\tRead more\t\t<\/a>\n\n\t\t\t\t\t<\/div>\n\t\t\t\t<\/div>\n\t\t\t\t<\/article>\n\t\t\t\t<article class=\"elementor-post elementor-grid-item post-1951 post type-post status-publish format-standard has-post-thumbnail hentry category-uncategorized\" role=\"listitem\">\n\t\t\t\t<a class=\"elementor-post__thumbnail__link\" href=\"https:\/\/sloski.si\/andreja-slokar-z-ekipo-predstavila-nacrte-za-sezono-2025-2026\/\" tabindex=\"-1\" target=&quot;_blank&quot;>\n\t\t\t<div class=\"elementor-post__thumbnail\"><img loading=\"lazy\" decoding=\"async\" width=\"768\" height=\"512\" src=\"https:\/\/andrejaslokar.com\/wp-content\/uploads\/2025\/07\/NK-ANDREJA-SLOKAR-EKIPA-JULIJ-2025-5-1024x683-1-768x512.jpg\" class=\"attachment-medium_large size-medium_large wp-image-1843\" alt=\"\" srcset=\"https:\/\/andrejaslokar.com\/wp-content\/uploads\/2025\/07\/NK-ANDREJA-SLOKAR-EKIPA-JULIJ-2025-5-1024x683-1-768x512.jpg 768w, https:\/\/andrejaslokar.com\/wp-content\/uploads\/2025\/07\/NK-ANDREJA-SLOKAR-EKIPA-JULIJ-2025-5-1024x683-1-300x200.jpg 300w, https:\/\/andrejaslokar.com\/wp-content\/uploads\/2025\/07\/NK-ANDREJA-SLOKAR-EKIPA-JULIJ-2025-5-1024x683-1.jpg 1024w\" sizes=\"(max-width: 768px) 100vw, 768px\" \/><\/div>\n\t\t<\/a>\n\t\t\t\t<div class=\"elementor-post__text\">\n\t\t\t\t<h4 class=\"elementor-post__title\">\n\t\t\t<a href=\"https:\/\/sloski.si\/andreja-slokar-z-ekipo-predstavila-nacrte-za-sezono-2025-2026\/\" target=&quot;_blank&quot;>\n\t\t\t\tAndreja Slokar, together with her team, presented the plans for the 2025\/2026 season.\t\t\t<\/a>\n\t\t<\/h4>\n\t\t\t\t<div class=\"elementor-post__meta-data\">\n\t\t\t\t\t<span class=\"elementor-post-date\">\n\t\t\tJuly 1, 2025\t\t<\/span>\n\t\t\t\t<\/div>\n\t\t\t\t<div class=\"elementor-post__excerpt\">\n\t\t\t<p>Slovenian alpine skier Andreja Slokar presented her plans for the 2025\/2026 season at a press conference in Ajdov\u0161\u010dina. She will be working with a new head coach, Italian Stefano Costazzo. The team also includes Andrea Massi as fitness coach and coordinator, physiotherapist Timotej Kostrevc, and technician Luca Valenti. <\/p>\n\t\t<\/div>\n\t\t\t\t\t<div class=\"elementor-post__read-more-wrapper\">\n\t\t\n\t\t<a class=\"elementor-post__read-more\" href=\"https:\/\/sloski.si\/andreja-slokar-z-ekipo-predstavila-nacrte-za-sezono-2025-2026\/\" aria-label=\"Read more about Andreja Slokar, together with her team, presented the plans for the 2025\/2026 season.\" tabindex=\"-1\" target=\"_blank\">\n\t\t\tRead more\t\t<\/a>\n\n\t\t\t\t\t<\/div>\n\t\t\t\t<\/div>\n\t\t\t\t<\/article>\n\t\t\t\t<article class=\"elementor-post elementor-grid-item post-1950 post type-post status-publish format-standard has-post-thumbnail hentry category-uncategorized\" role=\"listitem\">\n\t\t\t\t<a class=\"elementor-post__thumbnail__link\" href=\"https:\/\/www.rtvslo.si\/sport\/sportni-sos\/alpinci-naredili-korak-nazaj-najsvetlejsa-tocka-andreja-slokar\/736765\" tabindex=\"-1\" target=&quot;_blank&quot;>\n\t\t\t<div class=\"elementor-post__thumbnail\"><img loading=\"lazy\" decoding=\"async\" width=\"768\" height=\"512\" src=\"https:\/\/andrejaslokar.com\/wp-content\/uploads\/2025\/02\/66435797-768x512.webp\" class=\"attachment-medium_large size-medium_large wp-image-1833\" alt=\"\" srcset=\"https:\/\/andrejaslokar.com\/wp-content\/uploads\/2025\/02\/66435797-768x512.webp 768w, https:\/\/andrejaslokar.com\/wp-content\/uploads\/2025\/02\/66435797-300x200.webp 300w, https:\/\/andrejaslokar.com\/wp-content\/uploads\/2025\/02\/66435797-1024x683.webp 1024w, https:\/\/andrejaslokar.com\/wp-content\/uploads\/2025\/02\/66435797.webp 1200w\" sizes=\"(max-width: 768px) 100vw, 768px\" \/><\/div>\n\t\t<\/a>\n\t\t\t\t<div class=\"elementor-post__text\">\n\t\t\t\t<h4 class=\"elementor-post__title\">\n\t\t\t<a href=\"https:\/\/www.rtvslo.si\/sport\/sportni-sos\/alpinci-naredili-korak-nazaj-najsvetlejsa-tocka-andreja-slokar\/736765\" target=&quot;_blank&quot;>\n\t\t\t\tThe alpine skiers took a step back, with Andreja Slokar as the brightest highlight.\t\t\t<\/a>\n\t\t<\/h4>\n\t\t\t\t<div class=\"elementor-post__meta-data\">\n\t\t\t\t\t<span class=\"elementor-post-date\">\n\t\t\tFebruary 17, 2025\t\t<\/span>\n\t\t\t\t<\/div>\n\t\t\t\t<div class=\"elementor-post__excerpt\">\n\t\t\t<p>Slovenian alpine skiers did not impress at the World Championships in Saalbach, managing only two top-ten finishes \u2014 a step back compared to the last championships in France.<\/p>\n\t\t<\/div>\n\t\t\t\t\t<div class=\"elementor-post__read-more-wrapper\">\n\t\t\n\t\t<a class=\"elementor-post__read-more\" href=\"https:\/\/www.rtvslo.si\/sport\/sportni-sos\/alpinci-naredili-korak-nazaj-najsvetlejsa-tocka-andreja-slokar\/736765\" aria-label=\"Read more about The alpine skiers took a step back, with Andreja Slokar as the brightest highlight.\" tabindex=\"-1\" target=\"_blank\">\n\t\t\tRead more\t\t<\/a>\n\n\t\t\t\t\t<\/div>\n\t\t\t\t<\/div>\n\t\t\t\t<\/article>\n\t\t\t\t<article class=\"elementor-post elementor-grid-item post-1949 post type-post status-publish format-standard has-post-thumbnail hentry category-uncategorized\" role=\"listitem\">\n\t\t\t\t<a class=\"elementor-post__thumbnail__link\" href=\"https:\/\/www.dnevnik.si\/sport\/ajdovka-svetla-izjema-2717191\/\" tabindex=\"-1\" target=&quot;_blank&quot;>\n\t\t\t<div class=\"elementor-post__thumbnail\"><img loading=\"lazy\" decoding=\"async\" width=\"768\" height=\"580\" src=\"https:\/\/andrejaslokar.com\/wp-content\/uploads\/2025\/02\/05_medijski_center_foto-10-min-768x580.webp\" class=\"attachment-medium_large size-medium_large wp-image-1821\" alt=\"\" srcset=\"https:\/\/andrejaslokar.com\/wp-content\/uploads\/2025\/02\/05_medijski_center_foto-10-min-768x580.webp 768w, https:\/\/andrejaslokar.com\/wp-content\/uploads\/2025\/02\/05_medijski_center_foto-10-min-300x227.webp 300w, https:\/\/andrejaslokar.com\/wp-content\/uploads\/2025\/02\/05_medijski_center_foto-10-min-1024x774.webp 1024w, https:\/\/andrejaslokar.com\/wp-content\/uploads\/2025\/02\/05_medijski_center_foto-10-min-1536x1160.webp 1536w, https:\/\/andrejaslokar.com\/wp-content\/uploads\/2025\/02\/05_medijski_center_foto-10-min.webp 1689w\" sizes=\"(max-width: 768px) 100vw, 768px\" \/><\/div>\n\t\t<\/a>\n\t\t\t\t<div class=\"elementor-post__text\">\n\t\t\t\t<h4 class=\"elementor-post__title\">\n\t\t\t<a href=\"https:\/\/www.dnevnik.si\/sport\/ajdovka-svetla-izjema-2717191\/\" target=&quot;_blank&quot;>\n\t\t\t\tThe skier from Ajdov\u0161\u010dina, a bright exception.\t\t\t<\/a>\n\t\t<\/h4>\n\t\t\t\t<div class=\"elementor-post__meta-data\">\n\t\t\t\t\t<span class=\"elementor-post-date\">\n\t\t\tFebruary 17, 2025\t\t<\/span>\n\t\t\t\t<\/div>\n\t\t\t\t<div class=\"elementor-post__excerpt\">\n\t\t\t<p>On the final competition weekend of the Alpine Skiing World Championships, Andreja Slokar achieved the best Slovenian result with a sixth-place finish in the slalom. The Slovenian missed the podium by just 0.21 seconds. <\/p>\n\t\t<\/div>\n\t\t\t\t\t<div class=\"elementor-post__read-more-wrapper\">\n\t\t\n\t\t<a class=\"elementor-post__read-more\" href=\"https:\/\/www.dnevnik.si\/sport\/ajdovka-svetla-izjema-2717191\/\" aria-label=\"Read more about The skier from Ajdov\u0161\u010dina, a bright exception.\" tabindex=\"-1\" target=\"_blank\">\n\t\t\tRead more\t\t<\/a>\n\n\t\t\t\t\t<\/div>\n\t\t\t\t<\/div>\n\t\t\t\t<\/article>\n\t\t\t\t<article class=\"elementor-post elementor-grid-item post-1948 post type-post status-publish format-standard has-post-thumbnail hentry category-uncategorized\" role=\"listitem\">\n\t\t\t\t<a class=\"elementor-post__thumbnail__link\" href=\"https:\/\/sportklub.n1info.si\/zimski-sporti\/razocarana-andreja-slokar-na-svetovnem-prvenstvu-steje-le-medalja-video\/\" tabindex=\"-1\" target=&quot;_blank&quot;>\n\t\t\t<div class=\"elementor-post__thumbnail\"><img loading=\"lazy\" decoding=\"async\" width=\"768\" height=\"528\" src=\"https:\/\/andrejaslokar.com\/wp-content\/uploads\/2025\/02\/66433959-768x528.webp\" class=\"attachment-medium_large size-medium_large wp-image-1834\" alt=\"\" srcset=\"https:\/\/andrejaslokar.com\/wp-content\/uploads\/2025\/02\/66433959-768x528.webp 768w, https:\/\/andrejaslokar.com\/wp-content\/uploads\/2025\/02\/66433959-300x206.webp 300w, https:\/\/andrejaslokar.com\/wp-content\/uploads\/2025\/02\/66433959-1024x704.webp 1024w, https:\/\/andrejaslokar.com\/wp-content\/uploads\/2025\/02\/66433959.webp 1163w\" sizes=\"(max-width: 768px) 100vw, 768px\" \/><\/div>\n\t\t<\/a>\n\t\t\t\t<div class=\"elementor-post__text\">\n\t\t\t\t<h4 class=\"elementor-post__title\">\n\t\t\t<a href=\"https:\/\/sportklub.n1info.si\/zimski-sporti\/razocarana-andreja-slokar-na-svetovnem-prvenstvu-steje-le-medalja-video\/\" target=&quot;_blank&quot;>\n\t\t\t\tDisappointed Andreja Slokar: At the World Championships, only a medal counts (VIDEO)\t\t\t<\/a>\n\t\t<\/h4>\n\t\t\t\t<div class=\"elementor-post__meta-data\">\n\t\t\t\t\t<span class=\"elementor-post-date\">\n\t\t\tFebruary 15, 2025\t\t<\/span>\n\t\t\t\t<\/div>\n\t\t\t\t<div class=\"elementor-post__excerpt\">\n\t\t\t<p>Andreja Slokar finished sixth in the slalom in Saalbach, marking the best Slovenian result at this year\u2019s World Championships. Despite the excellent performance, the skier from Ajdov\u0161\u010dina didn\u2019t hide her disappointment, as she missed the podium by just 0.21 seconds. <\/p>\n\t\t<\/div>\n\t\t\t\t\t<div class=\"elementor-post__read-more-wrapper\">\n\t\t\n\t\t<a class=\"elementor-post__read-more\" href=\"https:\/\/sportklub.n1info.si\/zimski-sporti\/razocarana-andreja-slokar-na-svetovnem-prvenstvu-steje-le-medalja-video\/\" aria-label=\"Read more about Disappointed Andreja Slokar: At the World Championships, only a medal counts (VIDEO)\" tabindex=\"-1\" target=\"_blank\">\n\t\t\tRead more\t\t<\/a>\n\n\t\t\t\t\t<\/div>\n\t\t\t\t<\/div>\n\t\t\t\t<\/article>\n\t\t\t\t<\/div>\n\t\t\n\t\t\t\t\t\t<\/div>\n\t\t\t\t<\/div>\n\t\t\t\t<div class=\"elementor-element elementor-element-8172a37 elementor-align-center elementor-mobile-align-left elementor-invisible elementor-widget elementor-widget-button\" data-id=\"8172a37\" data-element_type=\"widget\" data-e-type=\"widget\" data-settings=\"{&quot;_animation&quot;:&quot;fadeInUp&quot;}\" data-widget_type=\"button.default\">\n\t\t\t\t<div class=\"elementor-widget-container\">\n\t\t\t\t\t\t\t\t\t<div class=\"elementor-button-wrapper\">\n\t\t\t\t\t<a class=\"elementor-button elementor-button-link elementor-size-sm\" href=\"https:\/\/andrejaslokar.com\/en\/news\/\">\n\t\t\t\t\t\t<span class=\"elementor-button-content-wrapper\">\n\t\t\t\t\t\t\t\t\t<span class=\"elementor-button-text\">News archive<\/span>\n\t\t\t\t\t<\/span>\n\t\t\t\t\t<\/a>\n\t\t\t\t<\/div>\n\t\t\t\t\t\t\t\t<\/div>\n\t\t\t\t<\/div>\n\t\t\t\t<\/div>\n\t\t\t\t<\/div>\n\t\t\t\t<section class=\"elementor-section elementor-top-section elementor-element elementor-element-403a0fc5 elementor-section-boxed elementor-section-height-default elementor-section-height-default\" data-id=\"403a0fc5\" data-element_type=\"section\" data-e-type=\"section\" data-settings=\"{&quot;background_background&quot;:&quot;classic&quot;}\">\n\t\t\t\t\t\t\t<div class=\"elementor-background-overlay\"><\/div>\n\t\t\t\t\t\t\t<div class=\"elementor-container elementor-column-gap-default\">\n\t\t\t\t\t<div class=\"elementor-column elementor-col-50 elementor-top-column elementor-element elementor-element-49a5d9fa elementor-invisible\" data-id=\"49a5d9fa\" data-element_type=\"column\" data-e-type=\"column\" data-settings=\"{&quot;background_background&quot;:&quot;classic&quot;,&quot;animation&quot;:&quot;fadeIn&quot;,&quot;animation_delay&quot;:200}\">\n\t\t\t<div class=\"elementor-widget-wrap elementor-element-populated\">\n\t\t\t\t\t<div class=\"elementor-background-overlay\"><\/div>\n\t\t\t\t\t\t<div class=\"elementor-element elementor-element-640764cc elementor-invisible elementor-widget elementor-widget-image\" data-id=\"640764cc\" data-element_type=\"widget\" data-e-type=\"widget\" data-settings=\"{&quot;_animation&quot;:&quot;fadeIn&quot;,&quot;_animation_delay&quot;:30}\" data-widget_type=\"image.default\">\n\t\t\t\t<div class=\"elementor-widget-container\">\n\t\t\t\t\t\t\t\t\t\t\t\t\t\t\t\t<a href=\"https:\/\/andrejaslokar.com\/wp-content\/uploads\/2025\/02\/05_medijski_center_foto-14-min.jpg\" data-elementor-open-lightbox=\"yes\" data-elementor-lightbox-title=\"05_medijski_center_foto-14-min\" data-e-action-hash=\"#elementor-action%3Aaction%3Dlightbox%26settings%3DeyJpZCI6MTgxOSwidXJsIjoiaHR0cHM6XC9cL2FuZHJlamFzbG9rYXIuY29tXC93cC1jb250ZW50XC91cGxvYWRzXC8yMDI1XC8wMlwvMDVfbWVkaWpza2lfY2VudGVyX2ZvdG8tMTQtbWluLndlYnAifQ%3D%3D\">\n\t\t\t\t\t\t\t<img decoding=\"async\" src=\"https:\/\/andrejaslokar.com\/wp-content\/uploads\/elementor\/thumbs\/05_medijski_center_foto-14-min-r1qf9xj2v7ljpk3nqxqpq48dzv4fmxrsc6xbd6ayf8.webp\" title=\"05_medijski_center_foto-14-min\" alt=\"05_medijski_center_foto-14-min\" class=\"elementor-animation-sink\" loading=\"lazy\" \/>\t\t\t\t\t\t\t\t<\/a>\n\t\t\t\t\t\t\t\t\t\t\t\t\t\t\t<\/div>\n\t\t\t\t<\/div>\n\t\t\t\t<div class=\"elementor-element elementor-element-33531e83 elementor-invisible elementor-widget elementor-widget-image\" data-id=\"33531e83\" data-element_type=\"widget\" data-e-type=\"widget\" data-settings=\"{&quot;_animation&quot;:&quot;fadeIn&quot;,&quot;_animation_delay&quot;:30}\" data-widget_type=\"image.default\">\n\t\t\t\t<div class=\"elementor-widget-container\">\n\t\t\t\t\t\t\t\t\t\t\t\t\t\t\t\t<a href=\"https:\/\/andrejaslokar.com\/wp-content\/uploads\/2025\/02\/05_medijski_center_foto-10-min.jpg\" data-elementor-open-lightbox=\"yes\" data-elementor-lightbox-title=\"05_medijski_center_foto-10-min\" data-e-action-hash=\"#elementor-action%3Aaction%3Dlightbox%26settings%3DeyJpZCI6MTgyMSwidXJsIjoiaHR0cHM6XC9cL2FuZHJlamFzbG9rYXIuY29tXC93cC1jb250ZW50XC91cGxvYWRzXC8yMDI1XC8wMlwvMDVfbWVkaWpza2lfY2VudGVyX2ZvdG8tMTAtbWluLndlYnAifQ%3D%3D\">\n\t\t\t\t\t\t\t<img decoding=\"async\" src=\"https:\/\/andrejaslokar.com\/wp-content\/uploads\/elementor\/thumbs\/05_medijski_center_foto-10-min-r1qf8xt7ni6zask4zul27oan3bdbyq7wp8dmrrdw7c.webp\" title=\"05_medijski_center_foto-10-min\" alt=\"05_medijski_center_foto-10-min\" class=\"elementor-animation-sink\" loading=\"lazy\" \/>\t\t\t\t\t\t\t\t<\/a>\n\t\t\t\t\t\t\t\t\t\t\t\t\t\t\t<\/div>\n\t\t\t\t<\/div>\n\t\t\t\t\t<\/div>\n\t\t<\/div>\n\t\t\t\t<div class=\"elementor-column elementor-col-50 elementor-top-column elementor-element elementor-element-7aa01040 elementor-invisible\" data-id=\"7aa01040\" data-element_type=\"column\" data-e-type=\"column\" data-settings=\"{&quot;background_background&quot;:&quot;classic&quot;,&quot;animation&quot;:&quot;fadeIn&quot;,&quot;animation_delay&quot;:300}\">\n\t\t\t<div class=\"elementor-widget-wrap elementor-element-populated\">\n\t\t\t\t\t<div class=\"elementor-background-overlay\"><\/div>\n\t\t\t\t\t\t<div class=\"elementor-element elementor-element-34afd506 elementor-invisible elementor-widget elementor-widget-image\" data-id=\"34afd506\" data-element_type=\"widget\" data-e-type=\"widget\" data-settings=\"{&quot;_animation&quot;:&quot;fadeIn&quot;,&quot;_animation_delay&quot;:30}\" data-widget_type=\"image.default\">\n\t\t\t\t<div class=\"elementor-widget-container\">\n\t\t\t\t\t\t\t\t\t\t\t\t\t\t\t\t<a href=\"https:\/\/andrejaslokar.com\/wp-content\/uploads\/2025\/02\/05_medijski_center_foto-12-min.jpg\" data-elementor-open-lightbox=\"yes\" data-elementor-lightbox-title=\"05_medijski_center_foto-12-min\" data-e-action-hash=\"#elementor-action%3Aaction%3Dlightbox%26settings%3DeyJpZCI6MTgxNywidXJsIjoiaHR0cHM6XC9cL2FuZHJlamFzbG9rYXIuY29tXC93cC1jb250ZW50XC91cGxvYWRzXC8yMDI1XC8wMlwvMDVfbWVkaWpza2lfY2VudGVyX2ZvdG8tMTItbWluLndlYnAifQ%3D%3D\">\n\t\t\t\t\t\t\t<img decoding=\"async\" src=\"https:\/\/andrejaslokar.com\/wp-content\/uploads\/elementor\/thumbs\/05_medijski_center_foto-12-min-r1qfaz4mgkzcgdln3q9ym5slfdbyn4ayzb9i7cd6q0.webp\" title=\"05_medijski_center_foto-12-min\" alt=\"05_medijski_center_foto-12-min\" class=\"elementor-animation-sink\" loading=\"lazy\" \/>\t\t\t\t\t\t\t\t<\/a>\n\t\t\t\t\t\t\t\t\t\t\t\t\t\t\t<\/div>\n\t\t\t\t<\/div>\n\t\t\t\t<div class=\"elementor-element elementor-element-100a2970 elementor-invisible elementor-widget elementor-widget-image\" data-id=\"100a2970\" data-element_type=\"widget\" data-e-type=\"widget\" data-settings=\"{&quot;_animation&quot;:&quot;fadeIn&quot;,&quot;_animation_delay&quot;:30}\" data-widget_type=\"image.default\">\n\t\t\t\t<div class=\"elementor-widget-container\">\n\t\t\t\t\t\t\t\t\t\t\t\t\t\t\t\t<a href=\"https:\/\/andrejaslokar.com\/wp-content\/uploads\/2025\/02\/05_medijski_center_foto-09-min.jpg\" data-elementor-open-lightbox=\"yes\" data-elementor-lightbox-title=\"05_medijski_center_foto-09-min\" data-e-action-hash=\"#elementor-action%3Aaction%3Dlightbox%26settings%3DeyJpZCI6MTgyMCwidXJsIjoiaHR0cHM6XC9cL2FuZHJlamFzbG9rYXIuY29tXC93cC1jb250ZW50XC91cGxvYWRzXC8yMDI1XC8wMlwvMDVfbWVkaWpza2lfY2VudGVyX2ZvdG8tMDktbWluLndlYnAifQ%3D%3D\">\n\t\t\t\t\t\t\t<img decoding=\"async\" src=\"https:\/\/andrejaslokar.com\/wp-content\/uploads\/elementor\/thumbs\/05_medijski_center_foto-09-min-r1qf9dsgvouixqwby77jrr7pirtq5alf9h84ad481w.webp\" title=\"05_medijski_center_foto-09-min\" alt=\"05_medijski_center_foto-09-min\" class=\"elementor-animation-sink\" loading=\"lazy\" \/>\t\t\t\t\t\t\t\t<\/a>\n\t\t\t\t\t\t\t\t\t\t\t\t\t\t\t<\/div>\n\t\t\t\t<\/div>\n\t\t\t\t\t<\/div>\n\t\t<\/div>\n\t\t\t\t<div class=\"elementor-column elementor-col-50 elementor-top-column elementor-element elementor-element-5b5d45 elementor-invisible\" data-id=\"5b5d45\" data-element_type=\"column\" data-e-type=\"column\" data-settings=\"{&quot;background_background&quot;:&quot;classic&quot;,&quot;animation&quot;:&quot;fadeIn&quot;,&quot;animation_delay&quot;:400}\">\n\t\t\t<div class=\"elementor-widget-wrap elementor-element-populated\">\n\t\t\t\t\t<div class=\"elementor-background-overlay\"><\/div>\n\t\t\t\t\t\t<div class=\"elementor-element elementor-element-14c6f3cf elementor-invisible elementor-widget elementor-widget-image\" data-id=\"14c6f3cf\" data-element_type=\"widget\" data-e-type=\"widget\" data-settings=\"{&quot;_animation&quot;:&quot;fadeIn&quot;,&quot;_animation_delay&quot;:30}\" data-widget_type=\"image.default\">\n\t\t\t\t<div class=\"elementor-widget-container\">\n\t\t\t\t\t\t\t\t\t\t\t\t\t\t\t\t<a href=\"https:\/\/andrejaslokar.com\/wp-content\/uploads\/2025\/02\/05_medijski_center_foto-11-min.jpg\" data-elementor-open-lightbox=\"yes\" data-elementor-lightbox-title=\"05_medijski_center_foto-11-min\" data-e-action-hash=\"#elementor-action%3Aaction%3Dlightbox%26settings%3DeyJpZCI6MTgyMiwidXJsIjoiaHR0cHM6XC9cL2FuZHJlamFzbG9rYXIuY29tXC93cC1jb250ZW50XC91cGxvYWRzXC8yMDI1XC8wMlwvMDVfbWVkaWpza2lfY2VudGVyX2ZvdG8tMTEtbWluLndlYnAifQ%3D%3D\">\n\t\t\t\t\t\t\t<img decoding=\"async\" src=\"https:\/\/andrejaslokar.com\/wp-content\/uploads\/elementor\/thumbs\/05_medijski_center_foto-11-min-r1qf7mta5sf6eor8hsmmkhfsy9jq9sp1huix2wnnjo.webp\" title=\"05_medijski_center_foto-11-min\" alt=\"05_medijski_center_foto-11-min\" class=\"elementor-animation-sink\" loading=\"lazy\" \/>\t\t\t\t\t\t\t\t<\/a>\n\t\t\t\t\t\t\t\t\t\t\t\t\t\t\t<\/div>\n\t\t\t\t<\/div>\n\t\t\t\t<div class=\"elementor-element elementor-element-68ffb8e4 elementor-invisible elementor-widget elementor-widget-image\" data-id=\"68ffb8e4\" data-element_type=\"widget\" data-e-type=\"widget\" data-settings=\"{&quot;_animation&quot;:&quot;fadeIn&quot;,&quot;_animation_delay&quot;:30}\" data-widget_type=\"image.default\">\n\t\t\t\t<div class=\"elementor-widget-container\">\n\t\t\t\t\t\t\t\t\t\t\t\t\t\t\t\t<a href=\"https:\/\/andrejaslokar.com\/wp-content\/uploads\/2025\/02\/05_medijski_center_foto-13-min-scaled.jpg\" data-elementor-open-lightbox=\"yes\" data-elementor-lightbox-title=\"05_medijski_center_foto-13-min\" data-e-action-hash=\"#elementor-action%3Aaction%3Dlightbox%26settings%3DeyJpZCI6MTgxOCwidXJsIjoiaHR0cHM6XC9cL2FuZHJlamFzbG9rYXIuY29tXC93cC1jb250ZW50XC91cGxvYWRzXC8yMDI1XC8wMlwvMDVfbWVkaWpza2lfY2VudGVyX2ZvdG8tMTMtbWluLXNjYWxlZC53ZWJwIn0%3D\">\n\t\t\t\t\t\t\t<img decoding=\"async\" src=\"https:\/\/andrejaslokar.com\/wp-content\/uploads\/elementor\/thumbs\/05_medijski_center_foto-13-min-scaled-r1qfagbunwarjgk91xo45bhaq65r1xcfwwklipsgfq.webp\" title=\"05_medijski_center_foto-13-min\" alt=\"05_medijski_center_foto-13-min\" class=\"elementor-animation-sink\" loading=\"lazy\" \/>\t\t\t\t\t\t\t\t<\/a>\n\t\t\t\t\t\t\t\t\t\t\t\t\t\t\t<\/div>\n\t\t\t\t<\/div>\n\t\t\t\t\t<\/div>\n\t\t<\/div>\n\t\t\t\t\t<\/div>\n\t\t<\/section>\n\t\t\t\t<\/div>\n\t\t","protected":false},"excerpt":{"rendered":"<p>Andreja Slokar&#8217;s media centre and promotional material that will take you into the world of a world-class skier and her achievements.<\/p>\n","protected":false},"author":1,"featured_media":1814,"parent":0,"menu_order":0,"comment_status":"closed","ping_status":"closed","template":"elementor_header_footer","meta":{"footnotes":"","_links_to":"","_links_to_target":""},"class_list":["post-1865","page","type-page","status-publish","has-post-thumbnail","hentry"],"yoast_head":"<!-- This site is optimized with the Yoast SEO plugin v24.5 - https:\/\/yoast.com\/wordpress\/plugins\/seo\/ -->\n<title>Press - Andreja Slokar Team<\/title>\n<meta name=\"description\" content=\"Andreja Slokar&#039;s media centre and promotional material that will take you into the world of a world-class skier and her achievements.\" \/>\n<meta name=\"robots\" content=\"index, follow, max-snippet:-1, max-image-preview:large, max-video-preview:-1\" \/>\n<link rel=\"canonical\" href=\"https:\/\/andrejaslokar.com\/en\/press\/\" \/>\n<meta property=\"og:locale\" content=\"en_US\" \/>\n<meta property=\"og:type\" content=\"article\" \/>\n<meta property=\"og:title\" content=\"Andreja Slokar Media Centre\" \/>\n<meta property=\"og:description\" content=\"Andreja Slokar&#039;s media centre and promotional material that will take you into the world of a world-class skier and her achievements.\" \/>\n<meta property=\"og:url\" content=\"https:\/\/andrejaslokar.com\/en\/press\/\" \/>\n<meta property=\"og:site_name\" content=\"Andreja Slokar Team\" \/>\n<meta property=\"article:modified_time\" content=\"2025-07-22T08:15:03+00:00\" \/>\n<meta property=\"og:image\" content=\"https:\/\/andrejaslokar.com\/wp-content\/uploads\/2025\/02\/05_medijski_center_foto-01-min-1024x739.jpg\" \/>\n<meta name=\"twitter:card\" content=\"summary_large_image\" \/>\n<script type=\"application\/ld+json\" class=\"yoast-schema-graph\">{\"@context\":\"https:\/\/schema.org\",\"@graph\":[{\"@type\":\"WebPage\",\"@id\":\"https:\/\/andrejaslokar.com\/en\/press\/\",\"url\":\"https:\/\/andrejaslokar.com\/en\/press\/\",\"name\":\"Press - Andreja Slokar Team\",\"isPartOf\":{\"@id\":\"https:\/\/hrjmhala.elementor.cloud\/#website\"},\"primaryImageOfPage\":{\"@id\":\"https:\/\/andrejaslokar.com\/en\/press\/#primaryimage\"},\"image\":{\"@id\":\"https:\/\/andrejaslokar.com\/en\/press\/#primaryimage\"},\"thumbnailUrl\":\"https:\/\/andrejaslokar.com\/wp-content\/uploads\/2025\/02\/05_medijski_center_foto-01-min.webp\",\"datePublished\":\"2024-11-04T09:23:27+00:00\",\"dateModified\":\"2025-07-22T08:15:03+00:00\",\"description\":\"Andreja Slokar's media centre and promotional material that will take you into the world of a world-class skier and her achievements.\",\"breadcrumb\":{\"@id\":\"https:\/\/andrejaslokar.com\/en\/press\/#breadcrumb\"},\"inLanguage\":\"en-US\",\"potentialAction\":[{\"@type\":\"ReadAction\",\"target\":[\"https:\/\/andrejaslokar.com\/en\/press\/\"]}]},{\"@type\":\"ImageObject\",\"inLanguage\":\"en-US\",\"@id\":\"https:\/\/andrejaslokar.com\/en\/press\/#primaryimage\",\"url\":\"https:\/\/andrejaslokar.com\/wp-content\/uploads\/2025\/02\/05_medijski_center_foto-01-min.webp\",\"contentUrl\":\"https:\/\/andrejaslokar.com\/wp-content\/uploads\/2025\/02\/05_medijski_center_foto-01-min.webp\",\"width\":1676,\"height\":1210},{\"@type\":\"BreadcrumbList\",\"@id\":\"https:\/\/andrejaslokar.com\/en\/press\/#breadcrumb\",\"itemListElement\":[{\"@type\":\"ListItem\",\"position\":1,\"name\":\"Home\",\"item\":\"https:\/\/andrejaslokar.com\/en\/homepage\/\"},{\"@type\":\"ListItem\",\"position\":2,\"name\":\"Press\"}]},{\"@type\":\"WebSite\",\"@id\":\"https:\/\/hrjmhala.elementor.cloud\/#website\",\"url\":\"https:\/\/hrjmhala.elementor.cloud\/\",\"name\":\"Andreja Slokar Team\",\"description\":\"Simpati\u010dna, preprosta in spro\u0161\u010dena Ajdovka. Smu\u010darka z visokimi cilji in vrhunskim timom.\",\"publisher\":{\"@id\":\"https:\/\/hrjmhala.elementor.cloud\/#organization\"},\"potentialAction\":[{\"@type\":\"SearchAction\",\"target\":{\"@type\":\"EntryPoint\",\"urlTemplate\":\"https:\/\/hrjmhala.elementor.cloud\/?s={search_term_string}\"},\"query-input\":{\"@type\":\"PropertyValueSpecification\",\"valueRequired\":true,\"valueName\":\"search_term_string\"}}],\"inLanguage\":\"en-US\"},{\"@type\":\"Organization\",\"@id\":\"https:\/\/hrjmhala.elementor.cloud\/#organization\",\"name\":\"Andreja Slokar Team\",\"url\":\"https:\/\/hrjmhala.elementor.cloud\/\",\"logo\":{\"@type\":\"ImageObject\",\"inLanguage\":\"en-US\",\"@id\":\"https:\/\/hrjmhala.elementor.cloud\/#\/schema\/logo\/image\/\",\"url\":\"https:\/\/andrejaslokar.com\/wp-content\/uploads\/2024\/10\/00_logo.png\",\"contentUrl\":\"https:\/\/andrejaslokar.com\/wp-content\/uploads\/2024\/10\/00_logo.png\",\"width\":1250,\"height\":1250,\"caption\":\"Andreja Slokar Team\"},\"image\":{\"@id\":\"https:\/\/hrjmhala.elementor.cloud\/#\/schema\/logo\/image\/\"}}]}<\/script>\n<!-- \/ Yoast SEO plugin. -->","yoast_head_json":{"title":"Press - Andreja Slokar Team","description":"Andreja Slokar's media centre and promotional material that will take you into the world of a world-class skier and her achievements.","robots":{"index":"index","follow":"follow","max-snippet":"max-snippet:-1","max-image-preview":"max-image-preview:large","max-video-preview":"max-video-preview:-1"},"canonical":"https:\/\/andrejaslokar.com\/en\/press\/","og_locale":"en_US","og_type":"article","og_title":"Andreja Slokar Media Centre","og_description":"Andreja Slokar's media centre and promotional material that will take you into the world of a world-class skier and her achievements.","og_url":"https:\/\/andrejaslokar.com\/en\/press\/","og_site_name":"Andreja Slokar Team","article_modified_time":"2025-07-22T08:15:03+00:00","og_image":[{"url":"https:\/\/andrejaslokar.com\/wp-content\/uploads\/2025\/02\/05_medijski_center_foto-01-min-1024x739.jpg","type":"","width":"","height":""}],"twitter_card":"summary_large_image","schema":{"@context":"https:\/\/schema.org","@graph":[{"@type":"WebPage","@id":"https:\/\/andrejaslokar.com\/en\/press\/","url":"https:\/\/andrejaslokar.com\/en\/press\/","name":"Press - Andreja Slokar Team","isPartOf":{"@id":"https:\/\/hrjmhala.elementor.cloud\/#website"},"primaryImageOfPage":{"@id":"https:\/\/andrejaslokar.com\/en\/press\/#primaryimage"},"image":{"@id":"https:\/\/andrejaslokar.com\/en\/press\/#primaryimage"},"thumbnailUrl":"https:\/\/andrejaslokar.com\/wp-content\/uploads\/2025\/02\/05_medijski_center_foto-01-min.webp","datePublished":"2024-11-04T09:23:27+00:00","dateModified":"2025-07-22T08:15:03+00:00","description":"Andreja Slokar's media centre and promotional material that will take you into the world of a world-class skier and her achievements.","breadcrumb":{"@id":"https:\/\/andrejaslokar.com\/en\/press\/#breadcrumb"},"inLanguage":"en-US","potentialAction":[{"@type":"ReadAction","target":["https:\/\/andrejaslokar.com\/en\/press\/"]}]},{"@type":"ImageObject","inLanguage":"en-US","@id":"https:\/\/andrejaslokar.com\/en\/press\/#primaryimage","url":"https:\/\/andrejaslokar.com\/wp-content\/uploads\/2025\/02\/05_medijski_center_foto-01-min.webp","contentUrl":"https:\/\/andrejaslokar.com\/wp-content\/uploads\/2025\/02\/05_medijski_center_foto-01-min.webp","width":1676,"height":1210},{"@type":"BreadcrumbList","@id":"https:\/\/andrejaslokar.com\/en\/press\/#breadcrumb","itemListElement":[{"@type":"ListItem","position":1,"name":"Home","item":"https:\/\/andrejaslokar.com\/en\/homepage\/"},{"@type":"ListItem","position":2,"name":"Press"}]},{"@type":"WebSite","@id":"https:\/\/hrjmhala.elementor.cloud\/#website","url":"https:\/\/hrjmhala.elementor.cloud\/","name":"Andreja Slokar Team","description":"Simpati\u010dna, preprosta in spro\u0161\u010dena Ajdovka. Smu\u010darka z visokimi cilji in vrhunskim timom.","publisher":{"@id":"https:\/\/hrjmhala.elementor.cloud\/#organization"},"potentialAction":[{"@type":"SearchAction","target":{"@type":"EntryPoint","urlTemplate":"https:\/\/hrjmhala.elementor.cloud\/?s={search_term_string}"},"query-input":{"@type":"PropertyValueSpecification","valueRequired":true,"valueName":"search_term_string"}}],"inLanguage":"en-US"},{"@type":"Organization","@id":"https:\/\/hrjmhala.elementor.cloud\/#organization","name":"Andreja Slokar Team","url":"https:\/\/hrjmhala.elementor.cloud\/","logo":{"@type":"ImageObject","inLanguage":"en-US","@id":"https:\/\/hrjmhala.elementor.cloud\/#\/schema\/logo\/image\/","url":"https:\/\/andrejaslokar.com\/wp-content\/uploads\/2024\/10\/00_logo.png","contentUrl":"https:\/\/andrejaslokar.com\/wp-content\/uploads\/2024\/10\/00_logo.png","width":1250,"height":1250,"caption":"Andreja Slokar Team"},"image":{"@id":"https:\/\/hrjmhala.elementor.cloud\/#\/schema\/logo\/image\/"}}]}},"_links":{"self":[{"href":"https:\/\/andrejaslokar.com\/en\/wp-json\/wp\/v2\/pages\/1865","targetHints":{"allow":["GET"]}}],"collection":[{"href":"https:\/\/andrejaslokar.com\/en\/wp-json\/wp\/v2\/pages"}],"about":[{"href":"https:\/\/andrejaslokar.com\/en\/wp-json\/wp\/v2\/types\/page"}],"author":[{"embeddable":true,"href":"https:\/\/andrejaslokar.com\/en\/wp-json\/wp\/v2\/users\/1"}],"replies":[{"embeddable":true,"href":"https:\/\/andrejaslokar.com\/en\/wp-json\/wp\/v2\/comments?post=1865"}],"version-history":[{"count":5,"href":"https:\/\/andrejaslokar.com\/en\/wp-json\/wp\/v2\/pages\/1865\/revisions"}],"predecessor-version":[{"id":1929,"href":"https:\/\/andrejaslokar.com\/en\/wp-json\/wp\/v2\/pages\/1865\/revisions\/1929"}],"wp:featuredmedia":[{"embeddable":true,"href":"https:\/\/andrejaslokar.com\/en\/wp-json\/wp\/v2\/media\/1814"}],"wp:attachment":[{"href":"https:\/\/andrejaslokar.com\/en\/wp-json\/wp\/v2\/media?parent=1865"}],"curies":[{"name":"wp","href":"https:\/\/api.w.org\/{rel}","templated":true}]}}